{"version":"1.0","provider_name":"l\u00e1dika","provider_url":"https:\/\/ladika.cafeblog.hu","author_name":"Brigi","author_url":"https:\/\/ladika.cafeblog.hu\/author\/pecsibrigigmail-com\/","title":"Ami a sz\u00edvedet nyomja","html":"<h4 style=\"text-align: justify\">Nem titok, hogy t\u00f6bbre becs\u00fcl\u00f6m a pap\u00edr alap\u00fa irodalmat, mint b\u00e1rmilyen k\u00e9perny\u0151t b\u00e1mulni.<\/h4>\r\n<h4 style=\"text-align: justify\">Ma egy viszonylag laza d\u00e9lut\u00e1nnal lept\u00fck meg magunkat az egyik kisl\u00e1nyommal, s az els\u0151 utunk a k\u00f6nyvt\u00e1rba vezetett.\u00a0 Most biztos sokan megh\u00f6kkenek, hogy valaki mi\u00e9rt megy a k\u00f6nyvt\u00e1rba, mikor ott a facebook, \u00e9s t\u00e1rsai.\u00a0 De mi m\u00e1r csak ilyenek vagyunk, szeret\u00fcnk olvasni.\u00a0 :)\u00a0<\/h4>\r\n<h4 style=\"text-align: justify\">\u00c9pp kiv\u00e1logattuk a k\u00f6nyveket, mikor egy nagy dobozra lettem figyelmes, hogy \"Elad\u00f3! 200,-ft\/db\"\u00a0<\/h4>\r\n<h4 style=\"text-align: justify\">No, ezt az\u00e9rt csak megn\u00e9zem!\u00a0 S egy akkora kincsre bukkantam, hogy alig hittem a szememnek. Siker\u00fclt\u00a0 megvennem az \"Ami a sz\u00edvedet nyomja\" c\u00edm\u0171 kort\u00e1rs sv\u00e9d gyermekverseket.\u00a0 Im\u00e1dom!\u00a0 B\u0151 20 \u00e9vvel ezel\u0151tt egy el\u0151ad\u00e1s keret\u00e9ben meg\u00f6rvendeztett\u00fcnk j\u00f3 p\u00e1r embert eme versek el\u0151ad\u00e1s\u00e1val, de persze m\u00e1r akkor is volt olyan, aki megh\u00f6kkent n\u00e9melyik vers hallat\u00e1n.<\/h4>\r\n<p>&nbsp;<\/p>\r\n<p><a href=\"https:\/\/ladika.cafeblog.hu\/files\/2016\/02\/amiaszivedetnyomja-400x296.jpg\"><img class=\"aligncenter size-medium wp-image-26\" src=\"https:\/\/ladika.cafeblog.hu\/files\/2016\/02\/amiaszivedetnyomja-400x296-300x222.jpg\" alt=\"amiaszivedetnyomja-400x296\" width=\"300\" height=\"222\" \/><\/a><\/p>\r\n<p>&nbsp;<\/p>\r\n<p>&nbsp;<\/p>\r\n<h4 style=\"text-align: justify\">T\u00f6bbs\u00e9g\u00fcket ma is k\u00edv\u00fclr\u0151l tudom, s tiszt\u00e1ban vagyok vele, hogy megtal\u00e1lhat\u00f3ak m\u00e1r az interneten. De m\u00e9gis olyan j\u00f3 \u00e9rz\u00e9s megfogni ezt a k\u00f6nyvet.<\/h4>\r\n<h4 style=\"text-align: justify\">Engedj\u00e9tek meg, hogy a k\u00e9t kedvencemet most megmutassam nektek is.\u00a0 Tal\u00e1n m\u00e9g soha nem volt annyira aktu\u00e1lis, mint most.<\/h4>\r\n<p>&nbsp;<\/p>\r\n<p style=\"text-align: center\"><a href=\"https:\/\/ladika.cafeblog.hu\/files\/2016\/02\/peace-on-earth-hands.jpg\"><img class=\"aligncenter size-medium wp-image-28\" src=\"https:\/\/ladika.cafeblog.hu\/files\/2016\/02\/peace-on-earth-hands-300x169.jpg\" alt=\"peace-on-earth-hands\" width=\"300\" height=\"169\" \/><\/a><\/p>\r\n<p>&nbsp;<\/p>\r\n<p>&nbsp;<\/p>\r\n<h3 style=\"text-align: center\"><em>Ingrid Sj\u00f6strand:\u00a0 Van hozz\u00e1 k\u00f6z\u00f6d?<\/em><\/h3>\r\n<h3 style=\"text-align: center\">\u00a0<\/h3>\r\n<h3 style=\"text-align: center\"><em>Van hozz\u00e1 k\u00f6z\u00f6d,<\/em><\/h3>\r\n<h3 style=\"text-align: center\"><em>mit csin\u00e1lok?<\/em><\/h3>\r\n<h3 style=\"text-align: center\"><em>\u00c9s hogy mit gondolok?<\/em><\/h3>\r\n<h3 style=\"text-align: center\"><em>Van hozz\u00e1 k\u00f6z\u00f6m,<\/em><\/h3>\r\n<h3 style=\"text-align: center\"><em>mit csin\u00e1lsz?<\/em><\/h3>\r\n<h3 style=\"text-align: center\"><em>\u00c9s hogy mit gondolsz?<\/em><\/h3>\r\n<h3 style=\"text-align: center\"><em>Van k\u00f6z\u00fcnk egym\u00e1shoz?<\/em><\/h3>\r\n<h3 style=\"text-align: center\"><em>Hozz\u00e1m, hozz\u00e1d, mindenkihez,<\/em><\/h3>\r\n<h3 style=\"text-align: center\"><em>aki v\u00e9letlen\u00fcl \u00e9pp itt \u00e9l<\/em><\/h3>\r\n<h3 style=\"text-align: center\"><em>\u00e9pp most,<\/em><\/h3>\r\n<h3 style=\"text-align: center\"><em>\u00e9s akit\u0151l f\u00fcgg,<\/em><\/h3>\r\n<h3 style=\"text-align: center\"><em>hogy mi lesz a vil\u00e1gb\u00f3l?<\/em><\/h3>\r\n<h3 style=\"text-align: center\"><em>Van k\u00f6z\u00fcnk egym\u00e1shoz,<\/em><\/h3>\r\n<h3 style=\"text-align: center\"><em>tal\u00e1n, igen.<\/em><\/h3>\r\n<h3>\u00a0<\/h3>\r\n<p style=\"text-align: center\"><a href=\"https:\/\/ladika.cafeblog.hu\/files\/2016\/02\/peace-love-hearts.jpg\"><img class=\"aligncenter size-medium wp-image-27\" src=\"https:\/\/ladika.cafeblog.hu\/files\/2016\/02\/peace-love-hearts-300x213.jpg\" alt=\"peace-love-hearts\" width=\"300\" height=\"213\" \/><\/a><\/p>\r\n<p style=\"text-align: center\">\u00a0<\/p>\r\n<h3 style=\"text-align: center\"><em>Ingrid Sj\u00f6strand:\u00a0 Titkos B\u00e9ket\u00e1rgyal\u00e1sok<\/em><\/h3>\r\n<h3 style=\"text-align: center\">\u00a0<\/h3>\r\n<h3 style=\"text-align: center\"><em>Titkos b\u00e9ket\u00e1rgyal\u00e1sok -<\/em><\/h3>\r\n<h3 style=\"text-align: center\"><em>olvastam az \u00fajs\u00e1gban.<\/em><\/h3>\r\n<h3 style=\"text-align: center\"><em>Szerintem nem helyes, hogy titkosak a b\u00e9ket\u00e1rgyal\u00e1sok.<\/em><\/h3>\r\n<h3 style=\"text-align: center\">\u00a0<\/h3>\r\n<h3 style=\"text-align: center\"><em>A h\u00e1bor\u00fa bezzeg sose titkos.<\/em><\/h3>\r\n<h3 style=\"text-align: center\"><em>Egy h\u00e1bor\u00fa, ahol egy puska se d\u00f6rrent!<\/em><\/h3>\r\n<h3 style=\"text-align: center\"><em>Egy h\u00e1bor\u00fa, ahol senki se halt meg!<\/em><\/h3>\r\n<h3 style=\"text-align: center\"><em>Egy h\u00e1bor\u00fa, amit \u00e9szre se vett senki,<\/em><\/h3>\r\n<h3 style=\"text-align: center\"><em>mert csak a h\u00e1borist\u00e1k mentek oda,<\/em><\/h3>\r\n<h3 style=\"text-align: center\"><em>\u00e9s ott cs\u00fany\u00e1kat gondoltak egym\u00e1sr\u00f3l<\/em><\/h3>\r\n<h3 style=\"text-align: center\"><em>titokban. Titokban hahaha!<\/em><\/h3>\r\n<h3 style=\"text-align: center\">\u00a0<\/h3>\r\n<h3 style=\"text-align: center\">\u00a0<\/h3>","type":"rich","thumbnail_url":"https:\/\/ladika.cafeblog.hu\/files\/2016\/02\/amiaszivedetnyomja-400x296-150x150.jpg","thumbnail_width":150,"thumbnail_height":150}